{"id":1919,"date":"2026-09-01T13:16:00","date_gmt":"2026-09-01T11:16:00","guid":{"rendered":"https:\/\/bertz-fischer.de\/?post_type=product&#038;p=1919"},"modified":"2026-08-27T12:17:51","modified_gmt":"2026-08-27T10:17:51","slug":"prokla224","status":"publish","type":"product","link":"https:\/\/bertz-fischer.de\/titel\/prokla224\/","title":{"rendered":"PROKLA 224: K\u00e4mpfe ums Recht"},"content":{"rendered":"<p>Das Recht scheint aktuell wieder stark politisiert. W\u00e4hrend die Rechtsstaatlichkeit bisher eng mit der Verfassung, politischer Demokratie und dem Schutz von Minderheiten verbunden war, steht dieses liberale Rechtsverst\u00e4ndnis heute zunehmend infrage. Seit dem Erstarken autorit\u00e4rer Kr\u00e4fte wird gar das Recht selbst vermehrt zur Zielscheibe und zum Austragungsort inhaltlich-politischer Konflikte. Aber auch gesellschaftliche Fragen von Einkommensverteilung, Gerechtigkeit und Emanzipation werden mithilfe von Rechtsk\u00e4mpfen bearbeitet: Das Arbeitsrecht etwa steht in vielen Regionen der Welt unter Beschuss. Auch das Umweltrecht und das Recht auf einen bewohnbaren Planeten sind wiederkehrende Themen multipler Krisenerscheinungen und Konflikte. Die Menschenrechte von Frauen, Queers und Trans* werden immer wieder bedroht, und Mobilit\u00e4ts- und Asylrechte werden zunehmend eingeschr\u00e4nkt, was ebenfalls zu Rechtsk\u00e4mpfen f\u00fchrt. In der PROKLA 224 werden die bisherigen Debatten und Anwendungsbereiche des Konzepts \u00bbRechtsk\u00e4mpfe\u00ab analysiert und zusammengef\u00fchrt.<\/p>\n","protected":false},"excerpt":{"rendered":"<p>Das Recht scheint aktuell wieder stark politisiert. W\u00e4hrend die Rechtsstaatlichkeit bisher eng mit der Verfassung, politischer Demokratie und dem Schutz von Minderheiten verbunden war, steht dieses liberale Rechtsverst\u00e4ndnis heute zunehmend infrage. Seit dem Erstarken autorit\u00e4rer Kr\u00e4fte wird gar das Recht selbst vermehrt zur Zielscheibe und zum Austragungsort inhaltlich-politischer Konflikte. Aber auch gesellschaftliche Fragen von Einkommensverteilung, [&hellip;]<\/p>\n","protected":false},"featured_media":2633,"template":"","meta":[],"product_brand":[],"product_cat":[38,36],"product_tag":[],"class_list":["post-1919","product","type-product","status-publish","has-post-thumbnail","product_cat-prokla","product_cat-neu","pa_autor_herausgeber-prokla","first","instock","taxable","shipping-taxable","purchasable","product-type-simple"],"_links":{"self":[{"href":"https:\/\/bertz-fischer.de\/bf-api\/wp\/v2\/product\/1919","targetHints":{"allow":["GET"]}}],"collection":[{"href":"https:\/\/bertz-fischer.de\/bf-api\/wp\/v2\/product"}],"about":[{"href":"https:\/\/bertz-fischer.de\/bf-api\/wp\/v2\/types\/product"}],"wp:featuredmedia":[{"embeddable":true,"href":"https:\/\/bertz-fischer.de\/bf-api\/wp\/v2\/media\/2633"}],"wp:attachment":[{"href":"https:\/\/bertz-fischer.de\/bf-api\/wp\/v2\/media?parent=1919"}],"wp:term":[{"taxonomy":"product_brand","embeddable":true,"href":"https:\/\/bertz-fischer.de\/bf-api\/wp\/v2\/product_brand?post=1919"},{"taxonomy":"product_cat","embeddable":true,"href":"https:\/\/bertz-fischer.de\/bf-api\/wp\/v2\/product_cat?post=1919"},{"taxonomy":"product_tag","embeddable":true,"href":"https:\/\/bertz-fischer.de\/bf-api\/wp\/v2\/product_tag?post=1919"}],"curies":[{"name":"wp","href":"https:\/\/api.w.org\/{rel}","templated":true}]}}