{"id":1917,"date":"2026-06-01T13:11:42","date_gmt":"2026-06-01T11:11:42","guid":{"rendered":"https:\/\/bertz-fischer.de\/?post_type=product&#038;p=1917"},"modified":"2026-06-19T15:14:40","modified_gmt":"2026-06-19T13:14:40","slug":"prokla-223-kritik-der-geooekonomie","status":"publish","type":"product","link":"https:\/\/bertz-fischer.de\/titel\/prokla-223-kritik-der-geooekonomie\/","title":{"rendered":"PROKLA 223: Kritik der Geo\u00f6konomie"},"content":{"rendered":"<p>Derzeit erleben wir einen tiefgreifenden Wandel in der globalen \u00f6konomischen Konfiguration. Ein \u00bbZeitalter der Geo\u00f6konomie\u00ab scheint anzubrechen. Es zeigt sich in einer Zuspitzung von zwischenstaatlicher Konkurrenz, von Handelskriegen, Sanktionsregimen und Investitionskontrollen, in einem Wettlauf um technologische Vorherrschaft und in den Versuchen einer Re-Territorialisierung strategischer Wertsch\u00f6pfungsketten. Als zentral gilt dabei die Verschr\u00e4nkung sicherheitspolitischer Motive und \u00f6konomischer Strategien. Angesichts der neuen Triade-Konkurrenz zwischen den USA, der EU und China nutzen einzelne Staaten sowie Unternehmen (geo-)\u00f6konomische Instrumente, um ihre Interessen durchzusetzen und Konflikte auszutragen.<\/p>\n<p>Der \u00bbAufstieg der Geo\u00f6konomie\u00ab wirft aus der Perspektive der Kritischen Politischen \u00d6konomie und \u00d6kologie grundlegende Fragen nach der Beschaffenheit des globalen Kapitalismus auf. Wir wollen in der PROKLA 223 kl\u00e4ren, welche strukturellen und materiellen Prozesse die Grundlage der Transformation bilden und worin diese konkret besteht. Welche Entwicklungen macht der \u00bbAufstieg der Geo\u00f6konomie\u00ab sichtbar und was verdeckt er? Worin liegen der analytische Mehrwert, aber auch die Grenzen des Konzepts?<\/p>\n","protected":false},"excerpt":{"rendered":"<p>Derzeit erleben wir einen tiefgreifenden Wandel in der globalen \u00f6konomischen Konfiguration. Ein \u00bbZeitalter der Geo\u00f6konomie\u00ab scheint anzubrechen. Es zeigt sich in einer Zuspitzung von zwischenstaatlicher Konkurrenz, von Handelskriegen, Sanktionsregimen und Investitionskontrollen, in einem Wettlauf um technologische Vorherrschaft und in den Versuchen einer Re-Territorialisierung strategischer Wertsch\u00f6pfungsketten. Als zentral gilt dabei die Verschr\u00e4nkung sicherheitspolitischer Motive und \u00f6konomischer [&hellip;]<\/p>\n","protected":false},"featured_media":2050,"template":"","meta":[],"product_brand":[],"product_cat":[37,38,36],"product_tag":[],"class_list":["post-1917","product","type-product","status-publish","has-post-thumbnail","product_cat-politik","product_cat-prokla","product_cat-neu","pa_autor_herausgeber-prokla","first","instock","taxable","shipping-taxable","purchasable","product-type-simple"],"_links":{"self":[{"href":"https:\/\/bertz-fischer.de\/bf-api\/wp\/v2\/product\/1917","targetHints":{"allow":["GET"]}}],"collection":[{"href":"https:\/\/bertz-fischer.de\/bf-api\/wp\/v2\/product"}],"about":[{"href":"https:\/\/bertz-fischer.de\/bf-api\/wp\/v2\/types\/product"}],"wp:featuredmedia":[{"embeddable":true,"href":"https:\/\/bertz-fischer.de\/bf-api\/wp\/v2\/media\/2050"}],"wp:attachment":[{"href":"https:\/\/bertz-fischer.de\/bf-api\/wp\/v2\/media?parent=1917"}],"wp:term":[{"taxonomy":"product_brand","embeddable":true,"href":"https:\/\/bertz-fischer.de\/bf-api\/wp\/v2\/product_brand?post=1917"},{"taxonomy":"product_cat","embeddable":true,"href":"https:\/\/bertz-fischer.de\/bf-api\/wp\/v2\/product_cat?post=1917"},{"taxonomy":"product_tag","embeddable":true,"href":"https:\/\/bertz-fischer.de\/bf-api\/wp\/v2\/product_tag?post=1917"}],"curies":[{"name":"wp","href":"https:\/\/api.w.org\/{rel}","templated":true}]}}