{"id":1909,"date":"2025-06-01T12:56:43","date_gmt":"2025-06-01T10:56:43","guid":{"rendered":"https:\/\/bertz-fischer.de\/?post_type=product&#038;p=1909"},"modified":"2026-06-18T07:20:48","modified_gmt":"2026-06-18T05:20:48","slug":"prokla219-2","status":"publish","type":"product","link":"https:\/\/bertz-fischer.de\/titel\/prokla219-2\/","title":{"rendered":"PROKLA 219: Sozial-\u00f6kologische Bewegungen im Spannungsfeld von Staat und Demokratie"},"content":{"rendered":"<p>W\u00e4hrend sich die sozial-\u00f6kologische Krise, die ma\u00dfgeblich durch den Klimawandel vorangetrieben wird, versch\u00e4rft, scheinen die sozial-\u00f6kologischen Bewegungen, die eben jene Krise adressieren, selbst in die Krise zu geraten. Diese ist einerseits von aktuellen politischen Umbr\u00fcchen, andererseits von den Reaktionen der Bewegungen auf genau diese Umbr\u00fcche gekennzeichnet und findet im Spannungsfeld von Staat und Demokratie statt. Zugleich ist die Bewegungslandschaft von internen Auseinandersetzungen sowie von Bem\u00fchungen um die Identifikation neuer Themen und Aktionsformen gepr\u00e4gt. Vor diesem Hintergrund stehen die folgenden Fragen im Mittelpunkt der PROKLA 219: Wie ver\u00e4ndern sich sozial-\u00f6kologische Bewegungen im Zuge der aktuellen Entwicklungen? Welche Transformationsstrategien und Allianzen verfolgen sie? In welchem Verh\u00e4ltnis stehen die Bewegungen zum kapitalistischen Staat und zur Demokratie? Wie verfahren die Bewegungen mit dem Problem, dass grundlegende Ver\u00e4nderungen innerhalb des Kapitalismus verstellt sind?<\/p>\n","protected":false},"excerpt":{"rendered":"<p>W\u00e4hrend sich die sozial-\u00f6kologische Krise, die ma\u00dfgeblich durch den Klimawandel vorangetrieben wird, versch\u00e4rft, scheinen die sozial-\u00f6kologischen Bewegungen, die eben jene Krise adressieren, selbst in die Krise zu geraten. Diese ist einerseits von aktuellen politischen Umbr\u00fcchen, andererseits von den Reaktionen der Bewegungen auf genau diese Umbr\u00fcche gekennzeichnet und findet im Spannungsfeld von Staat und Demokratie statt. [&hellip;]<\/p>\n","protected":false},"featured_media":1910,"template":"","meta":[],"product_brand":[],"product_cat":[38],"product_tag":[],"class_list":["post-1909","product","type-product","status-publish","has-post-thumbnail","product_cat-prokla","pa_autor_herausgeber-prokla","first","instock","taxable","shipping-taxable","purchasable","product-type-simple"],"_links":{"self":[{"href":"https:\/\/bertz-fischer.de\/bf-api\/wp\/v2\/product\/1909","targetHints":{"allow":["GET"]}}],"collection":[{"href":"https:\/\/bertz-fischer.de\/bf-api\/wp\/v2\/product"}],"about":[{"href":"https:\/\/bertz-fischer.de\/bf-api\/wp\/v2\/types\/product"}],"wp:featuredmedia":[{"embeddable":true,"href":"https:\/\/bertz-fischer.de\/bf-api\/wp\/v2\/media\/1910"}],"wp:attachment":[{"href":"https:\/\/bertz-fischer.de\/bf-api\/wp\/v2\/media?parent=1909"}],"wp:term":[{"taxonomy":"product_brand","embeddable":true,"href":"https:\/\/bertz-fischer.de\/bf-api\/wp\/v2\/product_brand?post=1909"},{"taxonomy":"product_cat","embeddable":true,"href":"https:\/\/bertz-fischer.de\/bf-api\/wp\/v2\/product_cat?post=1909"},{"taxonomy":"product_tag","embeddable":true,"href":"https:\/\/bertz-fischer.de\/bf-api\/wp\/v2\/product_tag?post=1909"}],"curies":[{"name":"wp","href":"https:\/\/api.w.org\/{rel}","templated":true}]}}