{"id":1733,"date":"2025-03-01T17:34:04","date_gmt":"2025-03-01T16:34:04","guid":{"rendered":"https:\/\/bertz-fischer.de\/?post_type=product&#038;p=1733"},"modified":"2026-06-19T06:26:19","modified_gmt":"2026-06-19T04:26:19","slug":"prokla218","status":"publish","type":"product","link":"https:\/\/bertz-fischer.de\/titel\/prokla218\/","title":{"rendered":"PROKLA 218: Surplus Society \u2013 \u00bb\u00dcberfl\u00fcssige\u00ab im Gegenwartskapitalismus"},"content":{"rendered":"<p>Vor allem in den Gesellschaften des Globalen S\u00fcdens, aber auch im Globalen Norden f\u00fchren \u00bbjobless growth\u00ab, Landnahmeprozesse und der \u00f6konomische Strukturwandel zunehmend zu einer \u2013 mit Marx gesprochen \u2013 relativen oder gar absoluten \u00bb\u00dcberschussbev\u00f6lkerung\u00ab. Eine wachsende Zahl von Menschen wird nicht oder nur marginal in kapitalistische Akkumulationszyklen eingebunden. Ausgehend von diesen Entwicklungen \u00fcberpr\u00fcft und aktualisiert die PROKLA 218 Debatten \u00fcber die Produktion von \u00bbsurplus populations\u00ab: Wir fragen, wie im Gegenwartskapitalismus in unterschiedlichen Regionen Menschen \u00bb\u00fcberfl\u00fcssig\u00ab gemacht werden. Dabei kn\u00fcpfen wir an eine neue Konjunktur gesellschaftskritischer Analysen zu \u00bbracial capitalism\u00ab, zu Exklusion und Marginalisierung in der Weltwirtschaft und zur globalen Fragmentierung und Hybridisierung von Arbeit an. Mit Blick auf aktuelle Ph\u00e4nomene und gesellschaftliche Gruppen \u00fcberpr\u00fcfen wir zudem Begriffe wie \u00bbReservearmee\u00ab, \u00bbSurplusbev\u00f6lkerung\u00ab oder \u00bbExklusion\u00ab auf ihren historischen und theoretischen Erkl\u00e4rungsgehalt.<\/p>\n","protected":false},"excerpt":{"rendered":"<p>Vor allem in den Gesellschaften des Globalen S\u00fcdens, aber auch im Globalen Norden f\u00fchren \u00bbjobless growth\u00ab, Landnahmeprozesse und der \u00f6konomische Strukturwandel zunehmend zu einer \u2013 mit Marx gesprochen \u2013 relativen oder gar absoluten \u00bb\u00dcberschussbev\u00f6lkerung\u00ab. Eine wachsende Zahl von Menschen wird nicht oder nur marginal in kapitalistische Akkumulationszyklen eingebunden. Ausgehend von diesen Entwicklungen \u00fcberpr\u00fcft und aktualisiert [&hellip;]<\/p>\n","protected":false},"featured_media":1734,"template":"","meta":[],"product_brand":[],"product_cat":[38],"product_tag":[],"class_list":["post-1733","product","type-product","status-publish","has-post-thumbnail","product_cat-prokla","pa_autor_herausgeber-prokla","first","instock","taxable","shipping-taxable","purchasable","product-type-simple"],"_links":{"self":[{"href":"https:\/\/bertz-fischer.de\/bf-api\/wp\/v2\/product\/1733","targetHints":{"allow":["GET"]}}],"collection":[{"href":"https:\/\/bertz-fischer.de\/bf-api\/wp\/v2\/product"}],"about":[{"href":"https:\/\/bertz-fischer.de\/bf-api\/wp\/v2\/types\/product"}],"wp:featuredmedia":[{"embeddable":true,"href":"https:\/\/bertz-fischer.de\/bf-api\/wp\/v2\/media\/1734"}],"wp:attachment":[{"href":"https:\/\/bertz-fischer.de\/bf-api\/wp\/v2\/media?parent=1733"}],"wp:term":[{"taxonomy":"product_brand","embeddable":true,"href":"https:\/\/bertz-fischer.de\/bf-api\/wp\/v2\/product_brand?post=1733"},{"taxonomy":"product_cat","embeddable":true,"href":"https:\/\/bertz-fischer.de\/bf-api\/wp\/v2\/product_cat?post=1733"},{"taxonomy":"product_tag","embeddable":true,"href":"https:\/\/bertz-fischer.de\/bf-api\/wp\/v2\/product_tag?post=1733"}],"curies":[{"name":"wp","href":"https:\/\/api.w.org\/{rel}","templated":true}]}}