{"id":1460,"date":"2024-06-01T18:44:17","date_gmt":"2024-06-01T16:44:17","guid":{"rendered":"https:\/\/bertz-fischer.de\/produkt\/prokla-215-demokratische-planwirtschaft-in-zeiten-von-digitalisierung-und-klimakrise\/"},"modified":"2026-06-18T07:20:46","modified_gmt":"2026-06-18T05:20:46","slug":"prokla215","status":"publish","type":"product","link":"https:\/\/bertz-fischer.de\/titel\/prokla215\/","title":{"rendered":"PROKLA 215: Demokratische Planwirtschaft in Zeiten von Digitalisierung und Klimakrise"},"content":{"rendered":"<p>Seit einigen Jahren erlebt die Debatte \u00fcber demokratische (Wirtschafts-)Planung einen neuen Aufschwung. Sie drehte sich zun\u00e4chst prim\u00e4r um neue technische Entwicklungen, die demokratische (Wirtschafts-)Planung m\u00f6glich machen sollen. Mit der Eskalation der Klimakrise hat sich der Schwerpunkt der Diskussionen mittlerweile zu \u00f6kologischen und politischen Fragen verschoben. Jenseits der technologischen und \u00f6kologischen Ebene stellt die Planungsdebatte aber vor allem politische und demokratische Fragen: Die produktive und reproduktive Struktur unserer Wirtschaft und Gesellschaft h\u00e4ngt aktuell zentral an den privaten Investitionsentscheidungen einiger Unternehmen, die wiederum gezwungen sind, profitabel zu wirtschaften. \u00d6kologische, politische und soziale Aspekte sind f\u00fcr ihre Kosten-Nutzen-Rechnung zwangsl\u00e4ufig nachrangig. Die PROKLA 215 widmet sich daher der Frage nach demokratischer Planung von Produktion und Reproduktion im 21. Jahrhundert: Wie finden wir demokratische Mechanismen, um \u00fcber die Richtung gesellschaftlicher Entwicklung bewusst zu entscheiden, anstatt zentrale Themen den blinden und anonymen Kr\u00e4ften des Marktes zu \u00fcberlassen?<\/p>\n","protected":false},"excerpt":{"rendered":"<p>Seit einigen Jahren erlebt die Debatte \u00fcber demokratische (Wirtschafts-)Planung einen neuen Aufschwung. Sie drehte sich zun\u00e4chst prim\u00e4r um neue technische Entwicklungen, die demokratische (Wirtschafts-)Planung m\u00f6glich machen sollen. Mit der Eskalation der Klimakrise hat sich der Schwerpunkt der Diskussionen mittlerweile zu \u00f6kologischen und politischen Fragen verschoben. Jenseits der technologischen und \u00f6kologischen Ebene stellt die Planungsdebatte aber [&hellip;]<\/p>\n","protected":false},"featured_media":854,"template":"","meta":[],"product_brand":[],"product_cat":[38],"product_tag":[],"class_list":["post-1460","product","type-product","status-publish","has-post-thumbnail","product_cat-prokla","pa_autor_herausgeber-prokla","first","instock","taxable","shipping-taxable","purchasable","product-type-simple"],"_links":{"self":[{"href":"https:\/\/bertz-fischer.de\/bf-api\/wp\/v2\/product\/1460","targetHints":{"allow":["GET"]}}],"collection":[{"href":"https:\/\/bertz-fischer.de\/bf-api\/wp\/v2\/product"}],"about":[{"href":"https:\/\/bertz-fischer.de\/bf-api\/wp\/v2\/types\/product"}],"wp:featuredmedia":[{"embeddable":true,"href":"https:\/\/bertz-fischer.de\/bf-api\/wp\/v2\/media\/854"}],"wp:attachment":[{"href":"https:\/\/bertz-fischer.de\/bf-api\/wp\/v2\/media?parent=1460"}],"wp:term":[{"taxonomy":"product_brand","embeddable":true,"href":"https:\/\/bertz-fischer.de\/bf-api\/wp\/v2\/product_brand?post=1460"},{"taxonomy":"product_cat","embeddable":true,"href":"https:\/\/bertz-fischer.de\/bf-api\/wp\/v2\/product_cat?post=1460"},{"taxonomy":"product_tag","embeddable":true,"href":"https:\/\/bertz-fischer.de\/bf-api\/wp\/v2\/product_tag?post=1460"}],"curies":[{"name":"wp","href":"https:\/\/api.w.org\/{rel}","templated":true}]}}