{"id":1447,"date":"2023-03-01T18:44:14","date_gmt":"2023-03-01T17:44:14","guid":{"rendered":"https:\/\/bertz-fischer.de\/produkt\/prokla-210-sozial-oekologische-transformationskonflikte-und-linke-strategien\/"},"modified":"2026-06-18T07:20:46","modified_gmt":"2026-06-18T05:20:46","slug":"prokla210","status":"publish","type":"product","link":"https:\/\/bertz-fischer.de\/titel\/prokla210\/","title":{"rendered":"PROKLA 210: Sozial-\u00f6kologische Transformationskonflikte und linke Strategien"},"content":{"rendered":"<p>Aktuell und auf absehbare Zeit stellt die \u00f6kologische Frage eine wesentliche Dimension in nahezu allen gesellschaftlichen Bereichen und Konflikten dar. Doch die Kluft zwischen dem Handlungsdruck und den z\u00f6gerlichen realen Ver\u00e4nderungen ist frappierend. Und dort, wo \u00f6kologische Verwerfungen auf ungleiche soziale Verh\u00e4ltnisse treffen, entstehen sozial-\u00f6kologische Transformationskonflikte. F\u00fcr die gesellschaftliche Linke birgt das zahlreiche Herausforderungen.<br \/>\nH\u00e4ufig wird etwa das Jobs vs. Environment-Dilemma angef\u00fchrt, wonach sich Klima- sowie Umweltschutz und Besch\u00e4ftigungsinteressen widersprechen. Dieses Dilemma wird durch rechte Kr\u00e4fte verst\u00e4rkt, die sich sozial-demagogisch als Verteidiger von Arbeiter*inneninteressen in ressourcen- und emissionsintensiven Branchen wie der Autoindustrie ausgeben. Auch die globale Dimension sozial-\u00f6kologischer Ungleichheiten und die Perspektive globaler Solidarit\u00e4t ist umk\u00e4mpft: Die imperiale Lebensweise gro\u00dfer Bev\u00f6lkerungsteile in L\u00e4ndern wie Deutschland kann nur durch Externalisierungen von sozialen und \u00f6kologischen Kosten in den Globalen S\u00fcden aufrechterhalten werden. Dadurch geraten die Interessen der Subalternen in verschiedenen Weltteilen in Widerspruch zueinander.<br \/>\nDie PROKLA 210 untersucht diese sozial-\u00f6kologischen Transformationskonflikte und fragt nach \u00fcberzeugenden Strategien und Konzepten f\u00fcr ein radikaleres Umsteuern, das \u00fcber eine \u00f6kologische Modernisierung hinausgeht. Wodurch sind sozial-\u00f6kologische Transformationskonflikte hierzulande und international gekennzeichnet? Wie \u00fcbersetzen sich \u00f6kologische Krisenerscheinungen in soziale Konflikte und umgekehrt? Wie k\u00f6nnen angesichts der Dramatik der Situation linke Strategien aussehen?<\/p>\n","protected":false},"excerpt":{"rendered":"<p>Aktuell und auf absehbare Zeit stellt die \u00f6kologische Frage eine wesentliche Dimension in nahezu allen gesellschaftlichen Bereichen und Konflikten dar. Doch die Kluft zwischen dem Handlungsdruck und den z\u00f6gerlichen realen Ver\u00e4nderungen ist frappierend. Und dort, wo \u00f6kologische Verwerfungen auf ungleiche soziale Verh\u00e4ltnisse treffen, entstehen sozial-\u00f6kologische Transformationskonflikte. F\u00fcr die gesellschaftliche Linke birgt das zahlreiche Herausforderungen. H\u00e4ufig [&hellip;]<\/p>\n","protected":false},"featured_media":859,"template":"","meta":[],"product_brand":[],"product_cat":[38],"product_tag":[],"class_list":["post-1447","product","type-product","status-publish","has-post-thumbnail","product_cat-prokla","pa_autor_herausgeber-prokla","first","instock","taxable","shipping-taxable","purchasable","product-type-simple"],"_links":{"self":[{"href":"https:\/\/bertz-fischer.de\/bf-api\/wp\/v2\/product\/1447","targetHints":{"allow":["GET"]}}],"collection":[{"href":"https:\/\/bertz-fischer.de\/bf-api\/wp\/v2\/product"}],"about":[{"href":"https:\/\/bertz-fischer.de\/bf-api\/wp\/v2\/types\/product"}],"wp:featuredmedia":[{"embeddable":true,"href":"https:\/\/bertz-fischer.de\/bf-api\/wp\/v2\/media\/859"}],"wp:attachment":[{"href":"https:\/\/bertz-fischer.de\/bf-api\/wp\/v2\/media?parent=1447"}],"wp:term":[{"taxonomy":"product_brand","embeddable":true,"href":"https:\/\/bertz-fischer.de\/bf-api\/wp\/v2\/product_brand?post=1447"},{"taxonomy":"product_cat","embeddable":true,"href":"https:\/\/bertz-fischer.de\/bf-api\/wp\/v2\/product_cat?post=1447"},{"taxonomy":"product_tag","embeddable":true,"href":"https:\/\/bertz-fischer.de\/bf-api\/wp\/v2\/product_tag?post=1447"}],"curies":[{"name":"wp","href":"https:\/\/api.w.org\/{rel}","templated":true}]}}