{"id":1217,"date":"2024-07-22T18:33:38","date_gmt":"2024-07-22T16:33:38","guid":{"rendered":"https:\/\/bertz-fischer.de\/produkt\/kino-und-kindheit\/"},"modified":"2026-07-22T08:21:17","modified_gmt":"2026-07-22T06:21:17","slug":"kino-und-kindheit","status":"publish","type":"product","link":"https:\/\/bertz-fischer.de\/titel\/kino-und-kindheit\/","title":{"rendered":"Kino und Kindheit"},"content":{"rendered":"<p>Kindheit ist \u2013 neben Liebe und Tod \u2013 eines der universellen Themen des Kinos. Filme pr\u00e4gen den Blick auf die Kindheit und bieten Kindern die M\u00f6glichkeit, sich darzustellen. Filme vermitteln eine Erfahrung von Kindheit und k\u00f6nnen uns in die Perspektive kindlicher Figuren versetzen. Filme sind auch Ausdruck von Kindheitserinnerungen: von denjenigen, die sie gemacht haben, aber auch von denjenigen, die sie als Kinder sehen und von ihnen gepr\u00e4gt werden. Seit der Fr\u00fchzeit des Kinos sind Kinder und Kindheit Bezugspunkte, um \u00fcber die Eigenschaften des Mediums Film nachzudenken: \u00fcber den filmischen Realismus, das Verh\u00e4ltnis von Schauspiel und Sein, die Erfahrung des Zuschauers oder auch die biografisch pr\u00e4gende Dimension von Filmen.<br \/>\nDieser Band stellt Kindheit als Feld der Filmforschung zur Diskussion. Er versammelt eine Reihe von internationalen Beitr\u00e4gen, die neue Perspektiven auf das Verh\u00e4ltnis von Kindheit und Film vor dem Hintergrund der \u00c4sthetik, Medialit\u00e4t und Kulturgeschichte des Films entwickeln. Die Beitr\u00e4ge befassen sich mit dem Kind als Figur und Darsteller, Kindheit als Zuschauererfahrung und Perspektive sowie Kindheit und Regie. Damit wird ein neues Forschungsfeld abgesteckt, das noch auf seine umfassende Bearbeitung wartet.<\/p>\n<p>Mit Beitr\u00e4gen von Alejandro Bachmann, Alain Bergala, Christian Bonah, Michael Brodski, Jo\u00ebl Danet, Bettina Henzler, Vicky Lebeau, Karen Lury, Matthias M\u00fcller, Stefanie Schl\u00fcter, Alexandra Schneider, Christian Stewen, Wanda Strauven, Daniel Wiegand<\/p>\n","protected":false},"excerpt":{"rendered":"<p>Figur \u2013 Perspektive \u2013 Regie<\/p>\n","protected":false},"featured_media":1076,"template":"","meta":[],"product_brand":[],"product_cat":[63],"product_tag":[],"class_list":["post-1217","product","type-product","status-publish","has-post-thumbnail","product_cat-bremer-symposium","pa_autor_herausgeber-winfried_pauleit","pa_autor_herausgeber-bettina_henzler","first","instock","taxable","shipping-taxable","purchasable","product-type-simple"],"_links":{"self":[{"href":"https:\/\/bertz-fischer.de\/bf-api\/wp\/v2\/product\/1217","targetHints":{"allow":["GET"]}}],"collection":[{"href":"https:\/\/bertz-fischer.de\/bf-api\/wp\/v2\/product"}],"about":[{"href":"https:\/\/bertz-fischer.de\/bf-api\/wp\/v2\/types\/product"}],"wp:featuredmedia":[{"embeddable":true,"href":"https:\/\/bertz-fischer.de\/bf-api\/wp\/v2\/media\/1076"}],"wp:attachment":[{"href":"https:\/\/bertz-fischer.de\/bf-api\/wp\/v2\/media?parent=1217"}],"wp:term":[{"taxonomy":"product_brand","embeddable":true,"href":"https:\/\/bertz-fischer.de\/bf-api\/wp\/v2\/product_brand?post=1217"},{"taxonomy":"product_cat","embeddable":true,"href":"https:\/\/bertz-fischer.de\/bf-api\/wp\/v2\/product_cat?post=1217"},{"taxonomy":"product_tag","embeddable":true,"href":"https:\/\/bertz-fischer.de\/bf-api\/wp\/v2\/product_tag?post=1217"}],"curies":[{"name":"wp","href":"https:\/\/api.w.org\/{rel}","templated":true}]}}